{"id":24178,"date":"2023-09-28T11:57:31","date_gmt":"2023-09-28T11:57:31","guid":{"rendered":"https:\/\/plantelys.dk\/?post_type=product&#038;p=24178"},"modified":"2026-08-31T11:53:04","modified_gmt":"2026-08-31T10:53:04","slug":"capelo-vit-bordslampa-gjord-av-aatervunnen-metall-odlingslampa-led-2","status":"publish","type":"product","link":"https:\/\/plantelys.dk\/sv\/vare\/capelo-hvid-bordlampe-af-genbrugsmetal-vaekstlys-led\/","title":{"rendered":"Capelo Bordslampa i vit \u00e5tervunnen metall | Odlingslampa LED"},"content":{"rendered":"<h2 data-start=\"180\" data-end=\"255\"><strong data-start=\"184\" data-end=\"255\">Klassisk bordslampa i matt vit metall - inkl. fullspektrumlampa<\/strong><\/h2>\n<p data-start=\"257\" data-end=\"612\">Denna Capelo bordslampa i matt vitt kombinerar klassisk dansk design med modern funktionalitet. <strong>Lampan m\u00e4ter 250 mm i h\u00f6jdled<\/strong> och 200 mm i diameter, vilket ger en kompakt men \u00e4nd\u00e5 rymlig form som passar perfekt p\u00e5 nattduksbord, hyllor och skrivbord.<\/p>\n<p data-start=\"257\" data-end=\"612\">Den \u00f6ppna sk\u00e4rmen ger gott om utrymme under ljuset s\u00e5 att du kan placera v\u00e4xter med en h\u00f6jd av <strong>Upp till ca 20 cm direkt under lampan<\/strong> och d\u00e4rmed f\u00e5 optimal anv\u00e4ndning av den medf\u00f6ljande grolys-lampan.<\/p>\n<p data-start=\"257\" data-end=\"612\">Med sin rena metallfinish och en 3 meter l\u00e5ng sladd f\u00e5r du b\u00e5de flexibilitet och ett tidl\u00f6st utseende som passar in i praktiskt taget alla inredningar.<\/p>\n<h2 data-start=\"614\" data-end=\"663\"><strong data-start=\"618\" data-end=\"661\">V\u00e4xtbelysning med fullt spektrum f\u00f6r dina v\u00e4xter<\/strong><\/h2>\n<p data-start=\"664\" data-end=\"1066\">Med <strong data-start=\"672\" data-end=\"699\">medf\u00f6ljande <a href=\"https:\/\/plantelys.dk\/sv\/produktkategori-2\/vaxtljus\/\">grolys gl\u00f6dlampa<\/a><\/strong> du f\u00e5r b\u00e5da <strong data-start=\"712\" data-end=\"737\">v\u00e4xtbelysning och v\u00e4xtlampor<\/strong> i en och samma l\u00f6sning. Gl\u00f6dlampan ger ett effektivt vitt <strong data-start=\"779\" data-end=\"799\">fullspektrumljus<\/strong>, som efterliknar solens naturliga v\u00e5gl\u00e4ngder och ger optimala f\u00f6ruts\u00e4ttningar f\u00f6r fotosyntes och sund v\u00e4xtlighet - \u00e4ven i m\u00f6rka h\u00f6rn eller rum utan direkt solljus. Detta g\u00f6r den idealisk f\u00f6r allt fr\u00e5n sm\u00e5 krukv\u00e4xter och \u00f6rter till mikrogr\u00f6nsaker och sm\u00e5 odlingsprojekt.<\/p>\n<h2 data-start=\"1068\" data-end=\"1107\"><strong data-start=\"1072\" data-end=\"1105\">\u00c4ven perfekt som arbetsbelysning<\/strong><\/h2>\n<p data-start=\"1108\" data-end=\"1354\">Den mattvita diffusorn ger ett koncentrerat och behagligt ljus som minskar bl\u00e4ndning och skapar idealiska arbetsf\u00f6rh\u00e5llanden vid skrivbordet. Du f\u00e5r allts\u00e5 b\u00e5de en funktionell skrivbordslampa och en elegant v\u00e4xtbelysning i en och samma produkt.<\/p>\n<h3 data-start=\"1356\" data-end=\"1392\"><strong data-start=\"1360\" data-end=\"1390\">Designad av Flemming Agger<\/strong><\/h3>\n<p data-start=\"1393\" data-end=\"1608\">Capelo bordslampa \u00e4r designad av den v\u00e4lk\u00e4nda arkitekten Flemming Agger, som ocks\u00e5 har designat flera ikoniska Le Klint-lampor. Hans designstil \u00e4r tydlig i lampans harmoniska proportioner och funktionella elegans.<\/p>\n<h3 data-start=\"1610\" data-end=\"1659\"><strong data-start=\"1614\" data-end=\"1657\">H\u00e5llbart producerad i \u00e5tervunnen metall<\/strong><\/h3>\n<p data-start=\"1660\" data-end=\"1828\">Lampan \u00e4r tillverkad av \u00e5tervunnet j\u00e4rnskrot och \u00e4r f\u00f6rpackad helt plastfritt. Du f\u00e5r en kvalitetsprodukt som \u00e4r robust, milj\u00f6v\u00e4nlig och tidl\u00f6s i sin design.<\/p>\n<div><\/div>\n<div><\/div>\n<div><\/div>\n<div>\n<h3>Produktinformation<\/h3>\n<table>\n<tbody>\n<tr>\n<td>EAN:<\/td>\n<td>5710777033433<\/td>\n<\/tr>\n<tr>\n<td>Typ:<\/td>\n<td>Lampa<\/td>\n<\/tr>\n<tr>\n<td>Form:<\/td>\n<td>Bordslampa<\/td>\n<\/tr>\n<tr>\n<td>Sockel (f\u00e4ste):<\/td>\n<td>E14<\/td>\n<\/tr>\n<tr>\n<td>Sp\u00e4nning (volt):<\/td>\n<td>90-240 VAC<\/td>\n<\/tr>\n<tr>\n<td>Effekt (watt):<\/td>\n<td>40W max<\/td>\n<\/tr>\n<tr>\n<td>Armaturf\u00e4rg:<\/td>\n<td>Vit\/vit med smarta beslag<\/td>\n<\/tr>\n<tr>\n<td>Storlek:<\/td>\n<td>D:200mm x H:250mm<\/td>\n<\/tr>\n<tr>\n<td>Vikt:<\/td>\n<td>900 g<\/td>\n<\/tr>\n<tr>\n<td>Installation:<\/td>\n<td>Sladd med EU-kontakt<\/td>\n<\/tr>\n<tr>\n<td>Kabel:<\/td>\n<td>3 meter vit tr\u00e5d<\/td>\n<\/tr>\n<tr>\n<td>Material sk\u00e4rm:<\/td>\n<td>\u00c5tervunnet j\u00e4rn<\/td>\n<\/tr>\n<tr>\n<td>IP:<\/td>\n<td>20<\/td>\n<\/tr>\n<tr>\n<td>M\u00e4rkning:<\/td>\n<td>CE-godk\u00e4nd<\/td>\n<\/tr>\n<tr>\n<td>Rekommenderad ljusk\u00e4lla:<\/td>\n<td>E14 LED-krona eller reflektorlampa<\/td>\n<\/tr>\n<\/tbody>\n<\/table>\n<p>&nbsp;<\/p>\n<\/div>\n<h3 data-start=\"0\" data-end=\"59\">Vad \u00e4r skillnaden mellan grolys och v\u00e6kstlys hos PlanteLys?<\/h3>\n<p data-start=\"61\" data-end=\"632\" data-is-last-node=\"\" data-is-only-node=\"\">V\u00e4rd <a class=\"decorated-link\" href=\"https:\/\/plantelys.dk\/sv\/\" target=\"_new\" rel=\"noopener\" data-start=\"4\" data-end=\"42\"><strong data-start=\"5\" data-end=\"18\" data-is-only-node=\"\">V\u00e4xtljus<\/strong><\/a> H\u00e4r hittar du belysning f\u00f6r b\u00e5de hobbyodling och professionell v\u00e4xtproduktion.<\/p>\n<p data-start=\"61\" data-end=\"632\" data-is-last-node=\"\" data-is-only-node=\"\"><a class=\"decorated-link\" href=\"https:\/\/plantelys.dk\/sv\/produktkategori-2\/vaxtljus\/\" target=\"_new\" rel=\"noopener\" data-start=\"120\" data-end=\"176\"><strong data-start=\"121\" data-end=\"131\" data-is-only-node=\"\">V\u00e4xtljus<\/strong><\/a> \u00e4r en bred ben\u00e4mning p\u00e5 artificiellt ljus som ers\u00e4tter eller kompletterar dagsljuset n\u00e4r v\u00e4xter odlas inomhus eller st\u00e5r p\u00e5 en m\u00f6rk plats.<\/p>\n<p data-start=\"61\" data-end=\"632\" data-is-last-node=\"\" data-is-only-node=\"\"><a class=\"decorated-link\" href=\"https:\/\/plantelys.dk\/sv\/produktkategori-2\/vaxtljus-lampor-glodlampor-2\/\" target=\"_new\" rel=\"noopener\" data-start=\"313\" data-end=\"388\"><strong data-start=\"314\" data-end=\"326\" data-is-only-node=\"\">V\u00e4xa lampor<\/strong><\/a> anv\u00e4nds vanligtvis om ljus som har utvecklats f\u00f6r att st\u00f6dja v\u00e4xternas fotosyntes och olika tillv\u00e4xtfaser, s\u00e5som grodd, vegetativ tillv\u00e4xt och blomning. Begreppen \u00f6verlappar ofta varandra, och det viktigaste \u00e4r d\u00e4rf\u00f6r att v\u00e4lja r\u00e4tt ljusstyrka och r\u00e4tt ljusspektrum f\u00f6r v\u00e4xtsorten, placeringen och odlingssyftet.<\/p>","protected":false},"excerpt":{"rendered":"<p>I samarbete med Capelo kan vi erbjuda en s\u00e5dan <span style=\"color: #ff0000;\"><strong>super julklappserbjudande<\/strong><\/span> p\u00e5 en BORDSLAMPA i vit metall \u2013 <span style=\"color: #ff0000;\"><strong>\u00d6VER 70% rabatt<\/strong><\/span> p\u00e5 denna vackra bordslampa - perfekt som julklapp, erbjudandet g\u00e4ller fram till jul.<\/p>","protected":false},"featured_media":24180,"comment_status":"open","ping_status":"closed","template":"","meta":{"_acf_changed":false},"product_brand":[],"product_cat":[235,370,246],"product_tag":[],"class_list":["post-24178","product","type-product","status-publish","has-post-thumbnail","product_cat-grolys","product_cat-grolys-paere","product_cat-plantelys-tilbud","entry","has-media","first","instock","sale","taxable","shipping-taxable","purchasable","product-type-simple","has-product-nav","col","span_1_of_4","owp-content-center","item-entry","owp-thumbs-layout-vertical","owp-btn-normal","owp-tabs-layout-horizontal"],"acf":[],"_links":{"self":[{"href":"https:\/\/plantelys.dk\/sv\/wp-json\/wp\/v2\/product\/24178","targetHints":{"allow":["GET"]}}],"collection":[{"href":"https:\/\/plantelys.dk\/sv\/wp-json\/wp\/v2\/product"}],"about":[{"href":"https:\/\/plantelys.dk\/sv\/wp-json\/wp\/v2\/types\/product"}],"replies":[{"embeddable":true,"href":"https:\/\/plantelys.dk\/sv\/wp-json\/wp\/v2\/comments?post=24178"}],"version-history":[{"count":2,"href":"https:\/\/plantelys.dk\/sv\/wp-json\/wp\/v2\/product\/24178\/revisions"}],"predecessor-version":[{"id":64058,"href":"https:\/\/plantelys.dk\/sv\/wp-json\/wp\/v2\/product\/24178\/revisions\/64058"}],"wp:featuredmedia":[{"embeddable":true,"href":"https:\/\/plantelys.dk\/sv\/wp-json\/wp\/v2\/media\/24180"}],"wp:attachment":[{"href":"https:\/\/plantelys.dk\/sv\/wp-json\/wp\/v2\/media?parent=24178"}],"wp:term":[{"taxonomy":"product_brand","embeddable":true,"href":"https:\/\/plantelys.dk\/sv\/wp-json\/wp\/v2\/product_brand?post=24178"},{"taxonomy":"product_cat","embeddable":true,"href":"https:\/\/plantelys.dk\/sv\/wp-json\/wp\/v2\/product_cat?post=24178"},{"taxonomy":"product_tag","embeddable":true,"href":"https:\/\/plantelys.dk\/sv\/wp-json\/wp\/v2\/product_tag?post=24178"}],"curies":[{"name":"wp","href":"https:\/\/api.w.org\/{rel}","templated":true}]}}